{"id":952,"date":"2021-11-13T09:07:43","date_gmt":"2021-11-13T08:07:43","guid":{"rendered":"https:\/\/www.tokyo-band.cz\/?page_id=952"},"modified":"2025-08-11T21:56:02","modified_gmt":"2025-08-11T19:56:02","slug":"tak-proto-2021","status":"publish","type":"page","link":"https:\/\/www.tokyo-band.cz\/index.php\/tak-proto-2021\/","title":{"rendered":"NOV\u00c9 ALBUM TAK PROTO (2021)"},"content":{"rendered":"\n<p>Nov\u00e9 album legend\u00e1rn\u00ed kapely TOKYO dotvo\u0159en\u00e9 na sklonku roku 2021 a vydan\u00e9 <strong>2.2.2022<\/strong> <strong>ve 20:22.<\/strong><\/p>\n\n\n\n<p><a href=\"https:\/\/artists.landr.com\/692531306777\">ALBUM JE K POSLECHU NA V\u0160ECH PLATFORM\u00c1CH<\/a><\/p>\n\n\n\n<p class=\"has-luminous-vivid-amber-background-color has-background\"><strong>V p\u0159\u00edpad\u011b z\u00e1jmu o CD Tak proto, vypl\u0148te formul\u00e1\u0159.  Cena CD je 350K\u010d + po\u0161tovn\u00e9<\/strong><\/p>\n\n\n<div class='fluentform ff-default fluentform_wrapper_3  ff_guten_block ff_guten_block-3 ffs_default_wrap'><form data-form_id=\"3\" id=\"fluentform_3\" class=\"frm-fluent-form fluent_form_3 ff-el-form-top ff_form_instance_3_1 ff-form-loading ffs_default\" data-form_instance=\"ff_form_instance_3_1\" method=\"POST\" ><fieldset  style=\"border: none!important;margin: 0!important;padding: 0!important;background-color: transparent!important;box-shadow: none!important;outline: none!important; min-inline-size: 100%;\">\n                    <legend class=\"ff_screen_reader_title\" style=\"display: block; margin: 0!important;padding: 0!important;height: 0!important;text-indent: -999999px;width: 0!important;overflow:hidden;\">Objednac\u00ed formul\u00e1\u0159 Tak Proto<\/legend><input type='hidden' name='__fluent_form_embded_post_id' value='952' \/><input type=\"hidden\" id=\"_fluentform_3_fluentformnonce\" name=\"_fluentform_3_fluentformnonce\" value=\"577aaa51cd\" \/><input type=\"hidden\" name=\"_wp_http_referer\" value=\"\/index.php\/wp-json\/wp\/v2\/pages\/952\" \/><div data-type=\"name-element\" data-name=\"names\" class=\" ff-field_container ff-name-field-wrapper\" ><div class='ff-t-container'><div class='ff-t-cell '><div class='ff-el-group ff-el-form-top'><div class=\"ff-el-input--label asterisk-right\"><label for='ff_3_names_first_name_' id='label_ff_3_names_first_name_' >Jm\u00e9no<\/label><\/div><div class='ff-el-input--content'><input type=\"text\" name=\"names[first_name]\" id=\"ff_3_names_first_name_\" class=\"ff-el-form-control\" placeholder=\"Zadej Jm\u00e9no\" aria-invalid=\"false\" aria-required=false><\/div><\/div><\/div><div class='ff-t-cell '><div class='ff-el-group ff-el-form-top'><div class=\"ff-el-input--label asterisk-right\"><label for='ff_3_names_last_name_' id='label_ff_3_names_last_name_' >P\u0159\u00edjmen\u00ed<\/label><\/div><div class='ff-el-input--content'><input type=\"text\" name=\"names[last_name]\" id=\"ff_3_names_last_name_\" class=\"ff-el-form-control\" placeholder=\"Zadej P\u0159\u00edjmen\u00ed\" aria-invalid=\"false\" aria-required=false><\/div><\/div><\/div><\/div><\/div><div class='ff-el-group'><div class=\"ff-el-input--label asterisk-right\"><label for='ff_3_email' id='label_ff_3_email' aria-label=\"Email\">Email<\/label><\/div><div class='ff-el-input--content'><input type=\"email\" name=\"email\" id=\"ff_3_email\" class=\"ff-el-form-control\" placeholder=\"Zadej email\" data-name=\"email\"  aria-invalid=\"false\" aria-required=false><\/div><\/div><div class='ff-el-group ff-text-left ff_submit_btn_wrapper'><button type=\"submit\" class=\"ff-btn ff-btn-submit ff-btn-md ff_btn_style\"  aria-label=\"Objednet CD Tak proto\">Objednet CD Tak proto<\/button><\/div><\/fieldset><\/form><div id='fluentform_3_errors' class='ff-errors-in-stack ff_form_instance_3_1 ff-form-loading_errors ff_form_instance_3_1_errors'><\/div><\/div>            <script type=\"text\/javascript\">\n                window.fluent_form_ff_form_instance_3_1 = {\"id\":\"3\",\"ajaxUrl\":\"https:\\\/\\\/www.tokyo-band.cz\\\/wp-admin\\\/admin-ajax.php\",\"settings\":{\"layout\":{\"labelPlacement\":\"top\",\"asteriskPlacement\":\"asterisk-right\",\"helpMessagePlacement\":\"with_label\",\"errorMessagePlacement\":\"inline\",\"cssClassName\":\"\"},\"restrictions\":{\"denyEmptySubmission\":{\"enabled\":false}}},\"form_instance\":\"ff_form_instance_3_1\",\"form_id_selector\":\"fluentform_3\",\"rules\":{\"names[first_name]\":{\"required\":{\"value\":false,\"message\":\"This field is required\",\"global_message\":\"This field is required\",\"global\":true}},\"names[middle_name]\":{\"required\":{\"value\":false,\"message\":\"This field is required\",\"global_message\":\"This field is required\",\"global\":true}},\"names[last_name]\":{\"required\":{\"value\":false,\"message\":\"This field is required\",\"global_message\":\"This field is required\",\"global\":true}},\"email\":{\"required\":{\"value\":false,\"message\":\"This field is required\",\"global_message\":\"This field is required\",\"global\":true},\"email\":{\"value\":true,\"message\":\"This field must contain a valid email\",\"global_message\":\"This field must contain a valid email\",\"global\":true}}},\"debounce_time\":300};\n                            <\/script>\n            \n\n\n<p>Dlouho tvo\u0159en\u00e1 dlouhohraj\u00edc\u00ed deska zl\u00ednsk\u00e9 kapely TOKYO za\u010dala vznikat v l\u00e9t\u011b 2019 ve studiu <strong>ANANAS RECORDS<\/strong>, kde vznikly z\u00e1klady bic\u00edch, postupn\u011b se tvorba p\u0159esunula do dom\u00e1cnost\u00ed a ob\u00fdv\u00e1k\u016f \u010dlen\u016f kapely a pozd\u011bji i do profesion\u00e1ln\u00edch rukou mistr\u016f ze <strong>Studia V <\/strong>(<strong>Marcel Gabriel a Petr Vav\u0159\u00edk<\/strong>), pak se s n\u00ed dlouho n\u00edmral Pigale a te\u010f si ji m\u00e1te mo\u017enost kone\u010dn\u011b oko\u0161tovat a vychutnat vy. <\/p>\n\n\n\n<p>Koncep\u010dn\u011b pokr\u00fdv\u00e1 docela \u0161irokou \u0161k\u00e1lu styl\u016f a t\u00e9mat, ko\u0159eny pevn\u011b v\u011bz\u00ed v rockov\u00e9 hudb\u011b, kmen tvo\u0159\u00ed jednoduch\u00e9 p\u00edsni\u010dky a v\u011btvov\u00ed je z list\u016f jazzu, folku, popu i tzv. v\u00e1\u017en\u00e9 hudby. Deska je obsahov\u011b zar\u00e1movan\u00e1 do jak\u00e9si zpov\u011bdi autora, kterou m\u016f\u017eete, ale nemus\u00edte zaslechnout. Je tam, ale z\u00e1le\u017e\u00ed na v\u00e1s&#8230;<\/p>\n\n\n\n<p>P\u00e1r p\u00edsn\u00ed si vylo\u017een\u011b \u0159\u00edk\u00e1 o r\u00e1diov\u00e9 \u0161l\u00e1gry, n\u011bkter\u00e9 jsou lyrick\u00e9 a rozevl\u00e1t\u00e9, jin\u00e9 p\u0159\u00edmo\u010da\u0159e epick\u00e9 se siln\u00fdm p\u0159\u00edb\u011bhem.<br><br>Krom\u011b st\u00e1l\u00fdch \u010dlen\u016f kapely TOKYO se na desce pod\u00edlel i smy\u010dcov\u00fd kvartet v obsazen\u00ed <strong>Pavel Mikeska<\/strong> a <strong>Viktor Koz\u00e1nek<\/strong> a dechov\u00e1 sekce ve slo\u017een\u00ed <strong>Zden\u011bk Maru\u0161\u00e1k<\/strong> a <strong>Jan Divok\u00fd.<\/strong><\/p>\n\n\n\n<p>Grafickou podobu dala albu<strong> <a href=\"https:\/\/www.spradka.cz\/\" data-type=\"URL\" data-id=\"https:\/\/www.spradka.cz\/\" target=\"_blank\" rel=\"noreferrer noopener\">Radka Martincov\u00e1<\/a><\/strong><a href=\"https:\/\/www.spradka.cz\/\" data-type=\"URL\" data-id=\"https:\/\/www.spradka.cz\/\" target=\"_blank\" rel=\"noreferrer noopener\"> <\/a>(@Spradka)<\/p>\n\n\n\n<p><\/p>\n\n\n\n<figure class=\"wp-block-image size-large\"><img loading=\"lazy\" decoding=\"async\" width=\"1024\" height=\"512\" sizes=\"auto, (max-width: 1024px) 100vw, 1024px\" src=\"https:\/\/www.tokyo-band.cz\/wp-content\/uploads\/2021\/12\/baked-1024x512.png\" alt=\"\" class=\"wp-image-967\" srcset=\"https:\/\/www.tokyo-band.cz\/wp-content\/uploads\/2021\/12\/baked-1024x512.png 1024w, https:\/\/www.tokyo-band.cz\/wp-content\/uploads\/2021\/12\/baked-300x150.png 300w, https:\/\/www.tokyo-band.cz\/wp-content\/uploads\/2021\/12\/baked-768x384.png 768w, https:\/\/www.tokyo-band.cz\/wp-content\/uploads\/2021\/12\/baked.png 1500w\" \/><\/figure>\n\n\n\n<p><\/p>\n\n\n\n<p><strong>SEZNAM P\u00cdSNI\u010cEK<\/strong><\/p>\n\n\n\n<p>Krom seznamu p\u00edsn\u00ed na albu najdete i podrobn\u011bj\u0161\u00ed autorsk\u00fd popis a hudebn\u00edky, kte\u0159\u00ed to tak hezky nahr\u00e1li.<\/p>\n\n\n\n<ol class=\"wp-block-list\">\n<li><strong>\u00davod<\/strong><br>\u00davodn\u00ed skladbi\u010dka m\u00e1 navodit klid. Uklidn\u011bn\u00ed p\u0159ed divadeln\u00edm p\u0159edstaven\u00edm, kter\u00e9 n\u00e1sleduje, ticho v hlav\u011b poslucha\u010de, kter\u00fd se zm\u00edt\u00e1 ve v\u00edru a bombardov\u00e1n\u00ed miliony zbyte\u010dn\u00fdch obr\u00e1zk\u016f a slov. Konej\u0161iv\u00e9 t\u00f3ny melodiky a drnkac\u00ed ukulele pak r\u00e1muj\u00ed p\u0159\u00edb\u011bh desky.<br><br><strong>Hudebn\u00edci: <\/strong>Pigale &#8211; v\u0161echno<br><\/li>\n\n\n\n<li><strong>Co budem d\u011blat v noci<\/strong> (<a rel=\"noreferrer noopener\" href=\"https:\/\/www.tokyo-band.cz\/index.php\/2022\/01\/31\/co-budem-delat-v-noci\/\" target=\"_blank\">Text<\/a>)<br>Jednoduch\u00e1 a docela vesel\u00e1 p\u00edse\u0148 o touze, milostn\u00e9m pudu a v\u0161em, co je pro n\u00e1s tak b\u011b\u017en\u00e9, norm\u00e1ln\u00ed a p\u0159irozen\u00e9. Touha mu\u017ee po \u017een\u011b, sami\u010dky po samci, kohoutovi po kvo\u010dn\u011b, mravene\u010dnici po mravene\u010dn\u00edkovi\u2026 Touha, p\u0159i kter\u00e9 zatm\u00ed mozek m\u00e1zdra \u017eivo\u010di\u0161n\u00e1 a rozum za n\u00ed uv\u00edzne, pam\u011b\u0165 selh\u00e1v\u00e1, r\u00e1cio se ztr\u00e1c\u00ed. Zn\u00e1te to\u2026.<br><br><strong>Hudebn\u00edci:<\/strong>\n<ul class=\"wp-block-list\">\n<li>Marek \u0160lapansk\u00fd &#8211; bic\u00ed<\/li>\n\n\n\n<li>Petr Hoffmann &#8211; p\u011bkn\u00e9 kytary<\/li>\n\n\n\n<li>Pavel Proch\u00e1zka &#8211; kl\u00e1vesy a klav\u00edr<\/li>\n\n\n\n<li>Jakub Lutner &#8211; baskytara<\/li>\n\n\n\n<li>Pigale &#8211; zbytek<br><\/li>\n<\/ul>\n<\/li>\n\n\n\n<li><strong>M\u00edch\u00e1m, m\u00edch\u00e1m<\/strong> (<a rel=\"noreferrer noopener\" href=\"\/2022\/01\/31\/micham-micham\/\" data-type=\"URL\" data-id=\"\/2022\/01\/31\/micham-micham\/\" target=\"_blank\">Text<\/a>)<br>No\u010dn\u00ed bar je jevi\u0161t\u011bm dal\u0161\u00edho d\u011bjstv\u00ed. Co v\u0161echno se d\u011bje, kdy\u017e na hodin\u00e1ch tik\u00e1 mezi psem a vlkem, kdy u\u017e nen\u00ed \u00fapln\u00e1 tma, ale vid\u011bt taky je\u0161t\u011b nen\u00ed. A nav\u00edc ta zodpov\u011bdnost, kdy\u017e samotn\u00e9 ot\u00e1\u010den\u00ed Zem\u011bkoule z\u00e1vis\u00ed na m\u00edch\u00e1n\u00ed br\u010dkem ve sklenici&#8230;Nen\u00ed co z\u00e1vid\u011bt<br><br><strong>Hudebn\u00edci:<\/strong>\n<ul class=\"wp-block-list\">\n<li>Marek \u0160lapansk\u00fd &#8211; bic\u00ed<\/li>\n\n\n\n<li>Petr Hoffmann &#8211; p\u011bkn\u00e9 kytary<\/li>\n\n\n\n<li>Pavel Proch\u00e1zka &#8211; kl\u00e1vesy a klav\u00edr<\/li>\n\n\n\n<li>Jakub Lutner &#8211; baskytara<\/li>\n\n\n\n<li>Pigale &#8211; zbytek<br><\/li>\n<\/ul>\n<\/li>\n\n\n\n<li><strong>Dru\u017eice<\/strong> (<a rel=\"noreferrer noopener\" href=\"https:\/\/www.tokyo-band.cz\/index.php\/2022\/01\/31\/druzice\/\" data-type=\"URL\" data-id=\"https:\/\/www.tokyo-band.cz\/index.php\/2022\/01\/31\/druzice\/\" target=\"_blank\">Text<\/a>)<br>N\u011bkde tam nad n\u00e1mi je, vid\u00ed a sly\u0161\u00ed n\u00e1s a v\u00ed o n\u00e1s skoro v\u0161echno. Mo\u017en\u00e1 nen\u00ed jen nad n\u00e1mi ale v\u0161ude, kam se vrtneme. A je toto r\u00e1j na zemi? Nebo je to peklo? M\u00e1me se b\u00e1t o svobodnou v\u016fli? A existuje svobodn\u00e1 v\u016fle? A co ty, Bo\u017ee? Nejsi jenom ta pluj\u00edc\u00ed te\u010dka po no\u010dn\u00ed obloze?<br><br><strong>Hudebn\u00edci:<\/strong><ul><li>Marek \u0160lapansk\u00fd &#8211; bic\u00ed<\/li><\/ul><ul><li>Petr Hoffmann &#8211; p\u011bkn\u00e9 kytary<\/li><li>Pavel Proch\u00e1zka &#8211; kl\u00e1vesy a klav\u00edr<\/li><\/ul>\n<ul class=\"wp-block-list\">\n<li>Jakub Lutner &#8211; baskytara<\/li>\n\n\n\n<li>Pigale &#8211; zbytek<br><\/li>\n<\/ul>\n<\/li>\n\n\n\n<li><strong>Wolandova p\u00edse\u0148<\/strong> (<a rel=\"noreferrer noopener\" href=\"https:\/\/www.tokyo-band.cz\/index.php\/2022\/01\/31\/wolandova-pisen-2\/\" data-type=\"URL\" data-id=\"https:\/\/www.tokyo-band.cz\/index.php\/2022\/01\/31\/wolandova-pisen-2\/\" target=\"_blank\">Text<\/a>)<br>Kouzeln\u00fd p\u0159\u00edb\u011bh od Michala Bulgakova v na\u0161em pojet\u00ed. S\u00e1m P\u00e1n pekel, toho \u010dasu u\u017e\u00edvaj\u00edc\u00ed jm\u00e9no Woland, vzpom\u00edn\u00e1 a sd\u011bluje sv\u00e9 z\u00e1\u017eitky a zam\u00fd\u0161l\u00ed se nad mlhavou budoucnost\u00ed sebe i lid\u00ed. Ne n\u00e1hodou se v p\u00edsni objev\u00ed harmonick\u00e9 postupy zn\u00e1m\u00e9 z ak\u010dn\u00edch film\u016f o agentech jej\u00edho Veli\u010denstva a pekeln\u00e9 t\u00f3ny Frantovy trubky.<br><br><strong>Hudebn\u00edci<\/strong>:<ul><li>Marek \u0160lapansk\u00fd &#8211; bic\u00ed<\/li><\/ul><ul><li>Petr Hoffmann &#8211; p\u011bkn\u00e9 kytary<\/li><li>Pavel Proch\u00e1zka &#8211; kl\u00e1vesy a klav\u00edr<\/li><\/ul>\n<ul class=\"wp-block-list\">\n<li>Jakub Lutner &#8211; baskytara<\/li>\n\n\n\n<li>Pigale &#8211; zp\u011bvy, kytara<\/li>\n\n\n\n<li>Franti\u0161ek Slav\u00edk &#8211; trubka<\/li>\n\n\n\n<li>Zden\u011bk Maru\u0161\u00e1k &#8211; saxofony<\/li>\n\n\n\n<li>Jan Divok\u00fd &#8211; trombon<br><\/li>\n<\/ul>\n<\/li>\n\n\n\n<li><strong>50 let po v\u00e1lce<\/strong> (<a rel=\"noreferrer noopener\" href=\"https:\/\/www.tokyo-band.cz\/index.php\/2022\/01\/31\/50-let-po-valce\/\" data-type=\"URL\" data-id=\"https:\/\/www.tokyo-band.cz\/index.php\/2022\/01\/31\/50-let-po-valce\/\" target=\"_blank\">Text<\/a>)<br>Toto let\u00ed! p\u00edse\u0148 vznikla opravdu u\u017e tak d\u00e1vno, \u017ee platilo v\u00fdro\u010d\u00ed konce t\u00e9 Druh\u00e9, sv\u011btov\u00e9. Ale o to tady vlastn\u011b nejde. On m\u016f\u017ee b\u00fdt k\u00fdmkoliv z n\u00e1s, pln\u00fd pochyb, zmatk\u016f, zklam\u00e1n\u00ed a zlosti. Na sebe i na okol\u00ed. A p\u011bkn\u011b se v tom r\u00e1ch\u00e1 a no\u0159\u00ed hloub\u011bji\u2026<br><br><strong>Hudebn\u00edci:<\/strong><ul><li>Marek \u0160lapansk\u00fd &#8211; bic\u00ed<\/li><li>Petr Hoffmann &#8211; p\u011bkn\u00e9 kytary<\/li><li>Pavel Proch\u00e1zka &#8211; kl\u00e1vesy a klav\u00edr<\/li><\/ul><ul><li>Jakub Lutner &#8211; baskytara<\/li><li>Pigale &#8211; zp\u011bvy, kytara<\/li><li>Franti\u0161ek Slav\u00edk &#8211; trubka<\/li><\/ul>\n<ul class=\"wp-block-list\">\n<li>Zden\u011bk Maru\u0161\u00e1k &#8211; saxofony<\/li>\n\n\n\n<li>Jan Divok\u00fd &#8211; trombon<br><\/li>\n<\/ul>\n<\/li>\n\n\n\n<li><strong>Je\u017eek<\/strong> (<a rel=\"noreferrer noopener\" href=\"https:\/\/www.tokyo-band.cz\/index.php\/2022\/01\/31\/jezek\/\" data-type=\"URL\" data-id=\"https:\/\/www.tokyo-band.cz\/index.php\/2022\/01\/31\/jezek\/\" target=\"_blank\">Text<\/a>)<br>Co kdyby m\u011bl ka\u017ed\u00fd \u010dlov\u011bk str\u00e1\u017en\u00e9ho and\u011bla a co kdyby jej tak na\u0161tval, \u017ee mu and\u011bl d\u00e1 vale? Nep\u0159\u00edjemnost, kter\u00e1 zacloum\u00e1 i t\u00edm nejv\u011bt\u0161\u00edm drs\u0148\u00e1kem a vypot\u00ed mu na \u010dele p\u011bkn\u00e9 kr\u016fp\u011bje potu strachu. A mo\u017en\u00e1 zn\u00e1te \u017eiv\u00e9 sny, kdy po probuzen\u00ed vlastn\u011b nev\u00edte, jestli to nebylo v\u0161echno doopravdy.<br><br><strong>Hudebn\u00edci:<\/strong><ul><li>Marek \u0160lapansk\u00fd &#8211; bic\u00ed<\/li><li>Petr Hoffmann &#8211; p\u011bkn\u00e9 kytary<\/li><li>Pavel Proch\u00e1zka &#8211; kl\u00e1vesy a klav\u00edr<\/li><\/ul>\n<ul class=\"wp-block-list\">\n<li>Jakub Lutner &#8211; baskytara<\/li>\n\n\n\n<li>Pigale &#8211; zp\u011bvy, kytary<br><\/li>\n<\/ul>\n<\/li>\n\n\n\n<li><strong>Traktorista<\/strong> (<a rel=\"noreferrer noopener\" href=\"https:\/\/www.tokyo-band.cz\/index.php\/2022\/01\/31\/traktorista\/\" data-type=\"URL\" data-id=\"https:\/\/www.tokyo-band.cz\/index.php\/2022\/01\/31\/traktorista\/\" target=\"_blank\">Text<\/a>)<br>Lyrick\u00e9 obrazy, kter\u00e9 r\u00e1muj\u00ed p\u0159\u00edb\u011bh bezejmenn\u00e9ho traktoristy, oraj\u00edc\u00edho pr\u00e1v\u011b sv\u016fj l\u00e1n u Hru\u0161ovan. Nev\u00edme u kter\u00fdch, v ka\u017ed\u00e9m p\u0159\u00edpad\u011b ale na Morav\u011b. A ten nem\u00e1 zrovna \u0161\u0165astn\u00e9 obdob\u00ed, c\u00edt\u00ed smutek a ztr\u00e1tu bl\u00edzk\u00e9 bytosti, d\u00edvky Mark\u00e9ty. A p\u0159\u00edb\u011bh n\u00e1s v jednom z obraz\u016f zavede i do zl\u00ednsk\u00e9ho kostela t\u011bsn\u011b p\u0159ed p\u016flnoc\u00ed.<br><br><strong>Hudebn\u00edci:<\/strong><ul><li>Marek \u0160lapansk\u00fd &#8211; bic\u00ed<\/li><li>Petr Hoffmann &#8211; p\u011bkn\u00e9 kytary<\/li><li>Pavel Proch\u00e1zka &#8211; kl\u00e1vesy a klav\u00edr<\/li><\/ul>\n<ul class=\"wp-block-list\">\n<li>Jakub Lutner &#8211; baskytara<\/li>\n\n\n\n<li>Pigale &#8211; zp\u011bvy, kytary, kl\u00e1vesy<br><\/li>\n<\/ul>\n<\/li>\n\n\n\n<li><strong>Tak proto<\/strong> (<a rel=\"noreferrer noopener\" href=\"https:\/\/www.tokyo-band.cz\/index.php\/2022\/01\/31\/tak-proto\/\" data-type=\"URL\" data-id=\"https:\/\/www.tokyo-band.cz\/index.php\/2022\/01\/31\/tak-proto\/\" target=\"_blank\">Text<\/a>)<br>Tituln\u00ed p\u00edse\u0148 alba je lyrick\u00e1 a vlastn\u011b vesel\u00e1. Je v n\u00ed nad\u011bje, \u017ee i dlouh\u00fd vztah a sou\u017eit\u00ed maj\u00ed v sob\u011b kouzlo vz\u00e1jemnosti a jiskry spole\u010dn\u00fdch pro\u017eitk\u016f, tu\u017eeb a radosti. A v doh\u0159e p\u00edsn\u011b je tolik optimismu, ta\u0161k\u00e1\u0159stv\u00ed a rozvernosti, \u017ee by se i generace Z m\u011bla zamyslet, odlo\u017eit mobily a \u017e\u00edt spolu!<br><br><strong>Hudebn\u00edci:<\/strong><ul><li>Marek \u0160lapansk\u00fd &#8211; bic\u00ed<\/li><li>Petr Hoffmann &#8211; p\u011bkn\u00e9 s\u00f3lov\u00e9 kytary<\/li><li>Pavel Proch\u00e1zka &#8211; kl\u00e1vesy a klav\u00edr<\/li><\/ul><ul><li>Jakub Lutner &#8211; baskytara<\/li><li>Pigale &#8211; zp\u011bvy, kytara<\/li><li>Franti\u0161ek Slav\u00edk &#8211; trubka<\/li><\/ul>\n<ul class=\"wp-block-list\">\n<li>Zden\u011bk Maru\u0161\u00e1k &#8211; saxofony<\/li>\n\n\n\n<li>Jan Divok\u00fd &#8211; trombon<br><\/li>\n<\/ul>\n<\/li>\n\n\n\n<li><strong>Zem\u011bchv\u011bn\u00ed<\/strong> (<a rel=\"noreferrer noopener\" href=\"https:\/\/www.tokyo-band.cz\/index.php\/2022\/01\/31\/zemechveni\/\" data-type=\"URL\" data-id=\"https:\/\/www.tokyo-band.cz\/index.php\/2022\/01\/31\/zemechveni\/\" target=\"_blank\">Text<\/a>)<br>\u010cist\u00e1 romantika, kter\u00e1 kane z t\u00e9to lyrick\u00e9 p\u00edsn\u011b nes\u00e1z\u00ed na r\u016f\u017eov\u00e1 srd\u00ed\u010dka, krajkov\u00e9 pr\u00e1dlo a pug\u00e9ty r\u016f\u017e\u00ed. Naopak je docela oby\u010dejn\u00e1 a jednoduch\u00e1, schovan\u00e1 v doteku a pokorn\u00e9m tichu. Aby toho nebylo p\u0159\u00edli\u0161, t\u00f3ny smy\u010dc\u016f po\u0161k\u00e1dl\u00ed poslucha\u010dovu rozn\u011b\u017en\u011bnost \u0161petkou nap\u011bt\u00ed a disonance. Ale jen na chvilku a p\u0159im\u011b\u0159en\u011b, v z\u00e1v\u011bru se p\u00edse\u0148 vrac\u00ed na pro\u0161lapan\u00e9 a uhraban\u00e9 konsonantn\u00ed cesti\u010dky.<br><br><strong>Hudebn\u00edci:<\/strong>\n<ul class=\"wp-block-list\">\n<li>Pavel Mikeska &#8211; housle, viola<\/li>\n\n\n\n<li>Viktor Koz\u00e1nek &#8211;  viloncello<\/li>\n\n\n\n<li>Pigale &#8211; zbytek<br><\/li>\n<\/ul>\n<\/li>\n\n\n\n<li><strong>Kone\u010dn\u00e1<\/strong> (<a rel=\"noreferrer noopener\" href=\"https:\/\/www.tokyo-band.cz\/index.php\/2022\/01\/31\/konecna\/\" data-type=\"URL\" data-id=\"https:\/\/www.tokyo-band.cz\/index.php\/2022\/01\/31\/konecna\/\" target=\"_blank\">Text<\/a>)<br>V\u0161echno kr\u00e1sn\u00e9 jednou kon\u010d\u00ed a na\u0161e d\u00edlo dosp\u011blo do sv\u00e9ho vrcholu a konce. Tak si je\u0161t\u011b p\u0159ipome\u0148me hlavn\u00ed d\u011bjov\u00e9 linky, zopakujme osoby a obsazen\u00ed, jako v ka\u017ed\u00e9m po\u0159\u00e1dn\u00e9m seri\u00e1lu na za\u010d\u00e1tku nov\u00e9ho d\u00edlu. A je tu z\u00e1v\u011br, konec, \u0161lus. Vlak dojel na kone\u010dnou, traktorista dooral, opona pad\u00e1 a my se m\u016f\u017eeme spole\u010dn\u011b t\u011b\u0161it na dal\u0161\u00ed dobrodru\u017estv\u00ed, kter\u00e9 na n\u00e1s jist\u011b \u010dek\u00e1\u2026<br><br><strong>Hudebn\u00edci: <\/strong>Pigale &#8211; v\u0161echno<\/li>\n<\/ol>\n\n\n\n<p><strong>KAPELA TOKYO NAHR\u00c1VALA VE SLO\u017dEN\u00cd<\/strong><\/p>\n\n\n\n<ul class=\"wp-block-list\">\n<li>Pigale (Martin Lyson\u011bk) &#8211; zp\u011bv, kytara a dal\u0161\u00ed<\/li>\n\n\n\n<li>Petr Hoffmann- kytary<\/li>\n\n\n\n<li>Pavel Proch\u00e1zka &#8211; kl\u00e1vesy a klapkostroje<\/li>\n\n\n\n<li>Jakub Lutner &#8211; baskytara<\/li>\n\n\n\n<li>Marek \u0160lapansk\u00fd &#8211;  bic\u00ed<\/li>\n\n\n\n<li>Franti\u0161ek Slav\u00edk &#8211;&nbsp; trumpety<\/li>\n<\/ul>\n\n\n\n<p><strong>HOST\u00c9<\/strong><\/p>\n\n\n\n<ul class=\"wp-block-list\">\n<li>Viktor Koz\u00e1nek &#8211;&nbsp; violoncello<\/li>\n\n\n\n<li>Pavel Mikeska &#8211; housle, viola<\/li>\n\n\n\n<li>Zden\u011bk Maru\u0161\u00e1k &#8211; saxofony<\/li>\n\n\n\n<li>Jan Divok\u00fd &#8211; trombon<\/li>\n<\/ul>\n\n\n\n<p><\/p>\n\n\n\n<p>Nato\u010deno ve studiu Ananas Records (z\u00e1klady b\u00edc\u00edch), Studio V (zp\u011bvy Dru\u017eice, Je\u017eek), Pigale Records (ostatn\u00ed zp\u011bvy, dechy, smy\u010dce, spousta kytar a ostatn\u00edch n\u00e1stroj\u016f) a dom\u00e1cnosti dal\u0161\u00edch \u010dlen\u016f kapely TOKYO<\/p>\n\n\n\n<p>Mix a Mastering ve Studiu V (Dru\u017eice), studiu Pigale Records (zbytek)<\/p>\n","protected":false},"excerpt":{"rendered":"<p>Nov\u00e9 album legend\u00e1rn\u00ed kapely TOKYO dotvo\u0159en\u00e9 na sklonku roku 2021 a vydan\u00e9 2.2.2022 ve 20:22. ALBUM JE K POSLECHU NA V\u0160ECH PLATFORM\u00c1CH V p\u0159\u00edpad\u011b z\u00e1jmu o CD Tak proto, vypl\u0148te formul\u00e1\u0159. Cena CD je 350K\u010d + po\u0161tovn\u00e9 Dlouho tvo\u0159en\u00e1 dlouhohraj\u00edc\u00ed deska zl\u00ednsk\u00e9 kapely TOKYO za\u010dala vznikat v l\u00e9t\u011b 2019 ve studiu ANANAS RECORDS, kde vznikly &hellip; <\/p>\n<p class=\"link-more\"><a href=\"https:\/\/www.tokyo-band.cz\/index.php\/tak-proto-2021\/\" class=\"more-link\">Pokra\u010dovat ve \u010dten\u00ed<span class=\"screen-reader-text\"> &#8222;NOV\u00c9 ALBUM TAK PROTO (2021)&#8220;<\/span><\/a><\/p>\n","protected":false},"author":1,"featured_media":0,"parent":0,"menu_order":0,"comment_status":"closed","ping_status":"closed","template":"","meta":{"footnotes":""},"class_list":["post-952","page","type-page","status-publish","hentry"],"_links":{"self":[{"href":"https:\/\/www.tokyo-band.cz\/index.php\/wp-json\/wp\/v2\/pages\/952","targetHints":{"allow":["GET"]}}],"collection":[{"href":"https:\/\/www.tokyo-band.cz\/index.php\/wp-json\/wp\/v2\/pages"}],"about":[{"href":"https:\/\/www.tokyo-band.cz\/index.php\/wp-json\/wp\/v2\/types\/page"}],"author":[{"embeddable":true,"href":"https:\/\/www.tokyo-band.cz\/index.php\/wp-json\/wp\/v2\/users\/1"}],"replies":[{"embeddable":true,"href":"https:\/\/www.tokyo-band.cz\/index.php\/wp-json\/wp\/v2\/comments?post=952"}],"version-history":[{"count":32,"href":"https:\/\/www.tokyo-band.cz\/index.php\/wp-json\/wp\/v2\/pages\/952\/revisions"}],"predecessor-version":[{"id":1469,"href":"https:\/\/www.tokyo-band.cz\/index.php\/wp-json\/wp\/v2\/pages\/952\/revisions\/1469"}],"wp:attachment":[{"href":"https:\/\/www.tokyo-band.cz\/index.php\/wp-json\/wp\/v2\/media?parent=952"}],"curies":[{"name":"wp","href":"https:\/\/api.w.org\/{rel}","templated":true}]}}